{"id":1093,"date":"2024-08-28T12:01:08","date_gmt":"2024-08-28T12:01:08","guid":{"rendered":"https:\/\/www.mauricibatallaveterinaris.cat\/maurici-batalla\/"},"modified":"2025-12-15T13:15:38","modified_gmt":"2025-12-15T13:15:38","slug":"maurici-batalla","status":"publish","type":"page","link":"https:\/\/www.mauricibatallaveterinaris.cat\/es\/maurici-batalla\/","title":{"rendered":"Maurici Batalla"},"content":{"rendered":"<p>[et_pb_section fb_built=\u00bb1&#8243; _builder_version=\u00bb4.17.4&#8243; _module_preset=\u00bbdefault\u00bb global_colors_info=\u00bb{}\u00bb][et_pb_row admin_label=\u00bbTitle Area\u00bb _builder_version=\u00bb4.16&#8243; _module_preset=\u00bbdefault\u00bb custom_margin=\u00bb|auto|58px|auto||\u00bb locked=\u00bboff\u00bb global_colors_info=\u00bb{}\u00bb][et_pb_column type=\u00bb4_4&#8243; _builder_version=\u00bb4.16&#8243; _module_preset=\u00bbdefault\u00bb custom_padding=\u00bb|||\u00bb global_colors_info=\u00bb{}\u00bb custom_padding__hover=\u00bb|||\u00bb][et_pb_text admin_label=\u00bbTitle\u00bb module_id=\u00bbequip\u00bb _builder_version=\u00bb4.27.0&#8243; _module_preset=\u00bbdefault\u00bb text_font=\u00bb||||||||\u00bb header_font=\u00bbInria Serif||||||||\u00bb header_2_font=\u00bbInria Serif||||||||\u00bb header_2_text_align=\u00bbcenter\u00bb header_2_font_size=\u00bb42px\u00bb header_2_line_height=\u00bb1.3em\u00bb custom_margin=\u00bb||20px|\u00bb animation_direction=\u00bbtop\u00bb global_colors_info=\u00bb{}\u00bb]<\/p>\n<h2 style=\"text-align: left;\">Maurici Batalla, veterinario vocacional y apasionado por la cirug\u00eda<\/h2>\n<p>[\/et_pb_text][et_pb_divider color=\u00bbrgba(122,162,193,0.85)\u00bb divider_weight=\u00bb3px\u00bb _builder_version=\u00bb4.17.4&#8243; _module_preset=\u00bbdefault\u00bb max_width=\u00bb50px\u00bb module_alignment=\u00bbleft\u00bb custom_margin=\u00bb||10px|\u00bb animation_direction=\u00bbtop\u00bb global_colors_info=\u00bb{}\u00bb][\/et_pb_divider][et_pb_text admin_label=\u00bbTitle\u00bb _builder_version=\u00bb4.27.0&#8243; _module_preset=\u00bbdefault\u00bb text_font=\u00bb||||||||\u00bb header_font=\u00bbInria Serif||||||||\u00bb header_2_font=\u00bbInria Serif||||||||\u00bb header_2_text_align=\u00bbcenter\u00bb header_2_font_size=\u00bb42px\u00bb header_2_line_height=\u00bb1.3em\u00bb header_3_line_height=\u00bb1.3em\u00bb custom_margin=\u00bb||20px|\u00bb animation_direction=\u00bbtop\u00bb global_colors_info=\u00bb{}\u00bb]<\/p>\n<h3 style=\"text-align: left;\">Un cirujano veterinario con m\u00e1s de 15.000 intervenciones realizadas<\/h3>\n<p>[\/et_pb_text][et_pb_text admin_label=\u00bbSubtitle\u00bb _builder_version=\u00bb4.27.0&#8243; _module_preset=\u00bbdefault\u00bb text_font=\u00bb||||||||\u00bb text_font_size=\u00bb16px\u00bb text_line_height=\u00bb1.8em\u00bb text_orientation=\u00bbcenter\u00bb module_alignment=\u00bbcenter\u00bb animation_direction=\u00bbtop\u00bb global_colors_info=\u00bb{}\u00bb]<\/p>\n<p class=\"p1\" style=\"text-align: left;\">El talento, la experiencia y la humanidad definen a nuestro centro. Mauricio Batalla Veterinarios es la \u00fanica <b>cl\u00ednica veterinaria<\/b> de Catalunya i de la pen\u00ednsula ib\u00e9rica <span class=\"Apple-converted-space\">  <\/span>completamente especializada en Cirug\u00eda de M\u00ednima Invasi\u00f3n. Adem\u00e1s, contamos con un equipo de <span class=\"Apple-converted-space\">  <\/span><b>veterinarios<\/b> y auxiliares veterinarios especializados que saben lo que hacen. Trabajamos con pasi\u00f3n y queremos <span class=\"Apple-converted-space\">  <\/span>a vuestros animales de compa\u00f1\u00eda como si formaran parte de nuestra familia.<span class=\"Apple-converted-space\"> <\/span><\/p>\n<p>[\/et_pb_text][\/et_pb_column][\/et_pb_row][et_pb_row column_structure=\u00bb1_2,1_2&#8243; _builder_version=\u00bb4.17.4&#8243; _module_preset=\u00bbdefault\u00bb custom_padding=\u00bb||29px|||\u00bb global_colors_info=\u00bb{}\u00bb][et_pb_column type=\u00bb1_2&#8243; _builder_version=\u00bb4.17.4&#8243; _module_preset=\u00bbdefault\u00bb global_colors_info=\u00bb{}\u00bb][et_pb_image src=\u00bbhttps:\/\/www.mauricibatallaveterinaris.cat\/wp-content\/uploads\/2022\/06\/Maurici-Batalla-endocopia-veterinaria.jpeg\u00bb title_text=\u00bbMaurici-Batalla-endocopia-veterinaria\u00bb align=\u00bbright\u00bb _builder_version=\u00bb4.17.6&#8243; _module_preset=\u00bbdefault\u00bb global_colors_info=\u00bb{}\u00bb][\/et_pb_image][\/et_pb_column][et_pb_column type=\u00bb1_2&#8243; _builder_version=\u00bb4.17.4&#8243; _module_preset=\u00bbdefault\u00bb global_colors_info=\u00bb{}\u00bb][et_pb_text admin_label=\u00bbTitle\u00bb _builder_version=\u00bb4.17.4&#8243; _module_preset=\u00bbdefault\u00bb text_font=\u00bb||||||||\u00bb header_font=\u00bbInria Serif||||||||\u00bb header_2_font=\u00bbInria Serif||||||||\u00bb header_2_text_align=\u00bbcenter\u00bb header_2_font_size=\u00bb42px\u00bb header_2_line_height=\u00bb1.3em\u00bb custom_margin=\u00bb||20px|\u00bb animation_direction=\u00bbtop\u00bb global_colors_info=\u00bb{}\u00bb]<\/p>\n<h2 style=\"text-align: left;\">Maurici Batalla Oliv\u00e9<\/h2>\n<p>[\/et_pb_text][et_pb_text _builder_version=\u00bb4.27.4&#8243; _module_preset=\u00bbdefault\u00bb global_colors_info=\u00bb{}\u00bb]<\/p>\n<p class=\"p1\"><b>Veterinario<\/b> por vocaci\u00f3n desde muy peque\u00f1o. Con 14 a\u00f1os ya empez\u00f3 a hacer a fer pr\u00e1cticas en <b>cl\u00ednicas veterinaries<\/b>. En 1992 se inicia en la cirug\u00eda de tejidos blandos, traumatolog\u00eda y cirug\u00eda de columna. \u00c9stas son especialidades que sigue ejerciendo hoy en d\u00eda. Especializado en endoscopia y <a href=\"https:\/\/www.mauricibatallaveterinaris.cat\/es\"><strong>Cirurg\u00eda Veterinaria<\/strong> de M\u00ednima Invasi\u00f3n<\/a> desde el a\u00f1o 2000, <span class=\"Apple-converted-space\"> <\/span>cuando cre\u00f3 el primer servicio de <b>endoscopia<\/b> veterinaria m\u00f3vil de Europa, <b>Endosc\u00f2pia<\/b> <b>Veterin\u00e0ria<\/b> <b>M\u00f2bil<\/b>. Desde entonres ha llevado estas tecnicas a m\u00e1s de 500 <b>cl\u00ednicas veterinaries<\/b> y se ha esforzado en divulgarlas entre sus compa\u00f1eros de profesi\u00f3n.<\/p>\n<p class=\"p1\">Ha aportado sus conocimientos y experiencia como ponente a los cursos y congresos internacionales de mayor prestigio, tanto en Europa como Am\u00e9rica (USA, Rusia, Brasil, Italia, Chile, M\u00e9xico, Lituania, Hungr\u00eda, Croacia, Serbia, Ruman\u00eda, B\u00e9lgica). Tambi\u00e9n es autor y colaborador de publicaciones y libros nacionales e internacionales.<\/p>\n<p class=\"p1\">Ex presidente y fundador, junto a otros veterinarios, de MINIMAL Asociaci\u00f3n Ib\u00e9rica de M\u00ednima Invasi\u00f3n <b>Veterinaria<\/b>. Impulsor del primer congreso europeo de Cirug\u00eda de M\u00ednima Invasi\u00f3n Veterinaria que tuvo lugar en Barcelona.<\/p>\n<p class=\"p1\">Miembro de VES Veterinary Endoscopy Society, VIRIES Veterinary Interventional Radiology and Interventional Endoscopy Society, SICEV Societ\u00e0 Italiana de Chirug\u00eda Endoscopica Veterinaria, SLEV Sociedad Latinoamericana de Endoscopia Veterinaria y miembro fundador de EVENDOC European Veterinary Endoscopy Clinical Cases.<\/p>\n<p>[\/et_pb_text][\/et_pb_column][\/et_pb_row][\/et_pb_section][et_pb_section fb_built=\u00bb1&#8243; admin_label=\u00bbTestimonial Section\u00bb _builder_version=\u00bb4.17.4&#8243; _module_preset=\u00bbdefault\u00bb background_color=\u00bbrgba(124,164,193,0.15)\u00bb custom_margin=\u00bb-28px||1px|||\u00bb custom_padding=\u00bb23px||66px|||\u00bb global_colors_info=\u00bb{}\u00bb][et_pb_row _builder_version=\u00bb4.17.4&#8243; _module_preset=\u00bbdefault\u00bb global_colors_info=\u00bb{}\u00bb][et_pb_column type=\u00bb4_4&#8243; _builder_version=\u00bb4.17.4&#8243; _module_preset=\u00bbdefault\u00bb global_colors_info=\u00bb{}\u00bb][et_pb_text _builder_version=\u00bb4.17.4&#8243; _module_preset=\u00bbdefault\u00bb text_font=\u00bb||||||||\u00bb text_font_size=\u00bb16px\u00bb header_font=\u00bbInria Serif||||||||\u00bb header_2_font=\u00bbInria Serif||||||||\u00bb header_2_text_align=\u00bbcenter\u00bb header_2_font_size=\u00bb42px\u00bb header_2_line_height=\u00bb1.3em\u00bb header_3_font=\u00bbInria Serif||||||||\u00bb header_3_font_size=\u00bb33px\u00bb header_4_font=\u00bbInria Serif||||||||\u00bb header_5_font=\u00bbInria Serif||||||||\u00bb header_6_font=\u00bbInria Serif||||||||\u00bb custom_margin=\u00bb||20px|\u00bb animation_direction=\u00bbtop\u00bb global_colors_info=\u00bb{}\u00bb]<\/p>\n<h2>El mayor reconocimiento, el de nuestros colegas<\/h2>\n<p>[\/et_pb_text][\/et_pb_column][\/et_pb_row][et_pb_row column_structure=\u00bb1_2,1_2&#8243; admin_label=\u00bbTestimonial Area\u00bb _builder_version=\u00bb4.16&#8243; _module_preset=\u00bbdefault\u00bb max_width=\u00bb80%\u00bb custom_padding=\u00bb0px|||\u00bb use_custom_width=\u00bbon\u00bb width_unit=\u00bboff\u00bb global_colors_info=\u00bb{}\u00bb][et_pb_column type=\u00bb1_2&#8243; _builder_version=\u00bb4.16&#8243; _module_preset=\u00bbdefault\u00bb custom_padding=\u00bb|||\u00bb global_colors_info=\u00bb{}\u00bb custom_padding__hover=\u00bb|||\u00bb][et_pb_testimonial portrait_url=\u00bbhttps:\/\/www.mauricibatallaveterinaris.cat\/wp-content\/uploads\/2022\/06\/Diego-Casas-Garcia.jpeg\u00bb quote_icon=\u00bboff\u00bb _builder_version=\u00bb4.27.0&#8243; _module_preset=\u00bbdefault\u00bb body_font=\u00bb||||||||\u00bb body_font_size=\u00bb18px\u00bb use_background_color=\u00bboff\u00bb text_orientation=\u00bbcenter\u00bb max_width=\u00bb700px\u00bb module_alignment=\u00bbcenter\u00bb custom_margin=\u00bb||18px|||\u00bb animation_style=\u00bbfade\u00bb global_colors_info=\u00bb{}\u00bb]<\/p>\n<div style=\"text-align: left;\">\n<p class=\"p1\">\u201cMaurici Batalla Veterinaris, dirigida por Maurici Batalla, pionero de la <b>Crirugia Veterinaria<\/b> de M\u00ednima Invasi\u00f3n en Espa\u00f1a, es una de las actuales referencias en t\u00e9cnicas m\u00ednimamente invasives, tanto diagn\u00f3sticas como terap\u00e9uticas, especialmente en endourolog\u00eda (litotricia l\u00e1ser, ablaci\u00f3n l\u00e1ser de tumores vesicales y uretrales\u2026) donde es referente a nivel europeo.\u201d<\/p>\n<p class=\"p1\">Ya el CVMIC tuvo que contar con sus servicios y no dudar\u00edamos en contar nuevamente con \u00e9l.<span class=\"Apple-converted-space\"> <\/span><\/p>\n<\/div>\n<p>[\/et_pb_testimonial][et_pb_text disabled_on=\u00bbon|on|off\u00bb _builder_version=\u00bb4.27.0&#8243; _module_preset=\u00bbdefault\u00bb text_font_size=\u00bb16px\u00bb custom_margin=\u00bb|||116px|false|false\u00bb global_colors_info=\u00bb{}\u00bb]<\/p>\n<p><strong>Diego Casas Garc\u00eda<\/strong>, Veterinari,<br \/>Director del Centro Veterinario de M\u00ednima Invasi\u00f3n Canarias<\/p>\n<p><a href=\"https:\/\/cvmic.es\/\" target=\"_blank\" rel=\"noopener\"><a href=\"https:\/\/cvmic.es\/\">www.cvmic.es<\/a><\/a><\/p>\n<p>[\/et_pb_text][et_pb_text disabled_on=\u00bboff|off|on\u00bb _builder_version=\u00bb4.27.0&#8243; _module_preset=\u00bbdefault\u00bb text_font_size=\u00bb16px\u00bb custom_margin=\u00bb-9px|||2px|false|false\u00bb global_colors_info=\u00bb{}\u00bb]<\/p>\n<p><strong>Diego Casas Garc\u00eda<\/strong>, Veterinari,<br \/>Director del Centro Veterinario de M\u00ednima Invasi\u00f3n Canarias<\/p>\n<p><a href=\"https:\/\/cvmic.es\/\" target=\"_blank\" rel=\"noopener\"><a href=\"https:\/\/cvmic.es\/\">www.cvmic.es<\/a><\/a><\/p>\n<p>[\/et_pb_text][et_pb_text disabled_on=\u00bbon|on|off\u00bb _builder_version=\u00bb4.27.0&#8243; _module_preset=\u00bbdefault\u00bb min_height=\u00bb0px\u00bb custom_margin=\u00bb-19px|||118px|false|false\u00bb custom_padding=\u00bb0px|||||\u00bb global_colors_info=\u00bb{}\u00bb][\/et_pb_text][\/et_pb_column][et_pb_column type=\u00bb1_2&#8243; _builder_version=\u00bb4.16&#8243; _module_preset=\u00bbdefault\u00bb custom_padding=\u00bb|||\u00bb global_colors_info=\u00bb{}\u00bb custom_padding__hover=\u00bb|||\u00bb][et_pb_testimonial portrait_url=\u00bbhttps:\/\/www.mauricibatallaveterinaris.cat\/wp-content\/uploads\/2022\/06\/Eva-Garcia-Gato.jpeg\u00bb quote_icon=\u00bboff\u00bb _builder_version=\u00bb4.27.0&#8243; _module_preset=\u00bbdefault\u00bb body_font=\u00bb||||||||\u00bb body_font_size=\u00bb18px\u00bb author_text_align=\u00bbleft\u00bb use_background_color=\u00bboff\u00bb text_orientation=\u00bbcenter\u00bb max_width=\u00bb700px\u00bb module_alignment=\u00bbcenter\u00bb min_height=\u00bb283px\u00bb custom_margin=\u00bb||14px|||\u00bb custom_padding=\u00bb||0px|||\u00bb animation_style=\u00bbfade\u00bb global_colors_info=\u00bb{}\u00bb]<\/p>\n<p style=\"text-align: left;\">\u00abApasionado e incansable en su trabajo, de esp\u00edritu absolutamente innovador y comprometido al 100% con la <strong>Cirurgia Veterinaria<\/strong> de M\u00ednima Invasi\u00f3n. Profesional excelente cuya colaboraci\u00f3n es esencial para nosotros en nuestro camino en el mundo de la M\u00ednima Invasi\u00f3n\u00bb <\/p>\n<p>[\/et_pb_testimonial][et_pb_text disabled_on=\u00bboff|off|on\u00bb _builder_version=\u00bb4.27.0&#8243; _module_preset=\u00bbdefault\u00bb text_font_size=\u00bb16px\u00bb custom_margin=\u00bb-9px|||2px|false|false\u00bb global_colors_info=\u00bb{}\u00bb]<\/p>\n<p><strong>Eva Garc\u00eda Gato<\/strong>,<br \/>Veterin\u00e0ria endoscopista<\/p>\n<p><a href=\"https:\/\/cendovet.es\/\"><a href=\"https:\/\/cendovet.es\/\">cendovet.es<\/a><\/a><\/p>\n<p>[\/et_pb_text][et_pb_text disabled_on=\u00bbon|on|off\u00bb _builder_version=\u00bb4.27.0&#8243; _module_preset=\u00bbdefault\u00bb text_font_size=\u00bb16px\u00bb custom_margin=\u00bb-99px|||116px|false|false\u00bb custom_padding=\u00bb35px|||||\u00bb global_colors_info=\u00bb{}\u00bb]<\/p>\n<p><strong>Eva Garc\u00eda Gato<\/strong>,<br \/>Veterin\u00e0ria endoscopista<\/p>\n<p><a href=\"https:\/\/cendovet.es\/\"><a href=\"https:\/\/cendovet.es\/\">cendovet.es<\/a><\/a><\/p>\n<p>[\/et_pb_text][\/et_pb_column][\/et_pb_row][\/et_pb_section][et_pb_section fb_built=\u00bb1&#8243; admin_label=\u00bbFooter Section\u00bb _builder_version=\u00bb4.16&#8243; _module_preset=\u00bbdefault\u00bb background_color=\u00bb#89acc7&#8243; use_background_color_gradient=\u00bbon\u00bb background_color_gradient_stops=\u00bb#89acc7 0%|#ffffff 100%\u00bb custom_padding=\u00bb110px||110px|\u00bb global_colors_info=\u00bb{}\u00bb theme_builder_area=\u00bbpost_content\u00bb][et_pb_row column_structure=\u00bb1_4,1_4,1_4,1_4&#8243; admin_label=\u00bbFooter Area\u00bb _builder_version=\u00bb4.17.4&#8243; _module_preset=\u00bbdefault\u00bb global_colors_info=\u00bb{}\u00bb theme_builder_area=\u00bbpost_content\u00bb][et_pb_column type=\u00bb1_4&#8243; _builder_version=\u00bb4.16&#8243; _module_preset=\u00bbdefault\u00bb custom_padding=\u00bb|||\u00bb global_colors_info=\u00bb{}\u00bb custom_padding__hover=\u00bb|||\u00bb theme_builder_area=\u00bbpost_content\u00bb][et_pb_text admin_label=\u00bbTitle\u00bb _builder_version=\u00bb4.17.4&#8243; _module_preset=\u00bbdefault\u00bb text_font=\u00bb||||||||\u00bb header_font=\u00bb||||||||\u00bb header_2_font=\u00bbInria Serif||||||||\u00bb header_2_font_size=\u00bb36px\u00bb animation_direction=\u00bbleft\u00bb global_colors_info=\u00bb{}\u00bb theme_builder_area=\u00bbpost_content\u00bb]<\/p>\n<h2>\u00a1Cont\u00e1ctanos!<\/h2>\n<p>[\/et_pb_text][\/et_pb_column][et_pb_column type=\u00bb1_4&#8243; _builder_version=\u00bb4.16&#8243; _module_preset=\u00bbdefault\u00bb custom_padding=\u00bb|||\u00bb global_colors_info=\u00bb{}\u00bb custom_padding__hover=\u00bb|||\u00bb theme_builder_area=\u00bbpost_content\u00bb][et_pb_blurb title=\u00bbDirecci\u00f3n\u00bb admin_label=\u00bbAddress\u00bb _builder_version=\u00bb4.17.6&#8243; _module_preset=\u00bbdefault\u00bb header_font=\u00bb|600|||||||\u00bb header_font_size=\u00bb16px\u00bb header_line_height=\u00bb1.8em\u00bb body_font=\u00bb||||||||\u00bb body_font_size=\u00bb16px\u00bb body_line_height=\u00bb1.8em\u00bb animation_style=\u00bbfold\u00bb animation_direction=\u00bbleft\u00bb animation_intensity_fold=\u00bb20%\u00bb animation_starting_opacity=\u00bb100%\u00bb global_colors_info=\u00bb{}\u00bb theme_builder_area=\u00bbpost_content\u00bb]<\/p>\n<p>Carrer de la Uni\u00f3, 63<br \/>08800 Vilanova i la Geltr\u00fa<\/p>\n<p>[\/et_pb_blurb][\/et_pb_column][et_pb_column type=\u00bb1_4&#8243; _builder_version=\u00bb4.16&#8243; _module_preset=\u00bbdefault\u00bb custom_padding=\u00bb|||\u00bb global_colors_info=\u00bb{}\u00bb custom_padding__hover=\u00bb|||\u00bb theme_builder_area=\u00bbpost_content\u00bb][et_pb_blurb title=\u00bbTel\u00e9fono\u00bb admin_label=\u00bbAddress\u00bb _builder_version=\u00bb4.17.4&#8243; _module_preset=\u00bbdefault\u00bb header_font=\u00bb|600|||||||\u00bb header_font_size=\u00bb16px\u00bb header_line_height=\u00bb1.8em\u00bb body_font=\u00bb||||||||\u00bb body_font_size=\u00bb16px\u00bb body_line_height=\u00bb1.8em\u00bb animation_style=\u00bbfold\u00bb animation_direction=\u00bbleft\u00bb animation_intensity_fold=\u00bb20%\u00bb animation_starting_opacity=\u00bb100%\u00bb global_colors_info=\u00bb{}\u00bb theme_builder_area=\u00bbpost_content\u00bb]<\/p>\n<p>931 94 55 49<\/p>\n<p>[\/et_pb_blurb][\/et_pb_column][et_pb_column type=\u00bb1_4&#8243; _builder_version=\u00bb4.16&#8243; _module_preset=\u00bbdefault\u00bb custom_padding=\u00bb|||\u00bb global_colors_info=\u00bb{}\u00bb custom_padding__hover=\u00bb|||\u00bb theme_builder_area=\u00bbpost_content\u00bb][et_pb_blurb title=\u00bbHorario\u00bb admin_label=\u00bbAddress\u00bb _builder_version=\u00bb4.17.4&#8243; _module_preset=\u00bbdefault\u00bb header_font=\u00bb|600|||||||\u00bb header_font_size=\u00bb16px\u00bb header_line_height=\u00bb1.8em\u00bb body_font=\u00bb||||||||\u00bb body_font_size=\u00bb16px\u00bb body_line_height=\u00bb1.8em\u00bb animation_style=\u00bbfold\u00bb animation_direction=\u00bbleft\u00bb animation_intensity_fold=\u00bb20%\u00bb animation_starting_opacity=\u00bb100%\u00bb global_colors_info=\u00bb{}\u00bb theme_builder_area=\u00bbpost_content\u00bb]<\/p>\n<p>Lunes a viernes:<br \/>9.30-13.30 h y 14.30-18.30 h<\/p>\n<p>[\/et_pb_blurb][\/et_pb_column][\/et_pb_row][\/et_pb_section]<\/p>\n","protected":false},"excerpt":{"rendered":"<p>Maurici Batalla, veterinario vocacional y apasionado por la cirug\u00edaUn cirujano veterinario con m\u00e1s de 15.000 intervenciones realizadasEl talento, la experiencia y la humanidad definen a nuestro centro. Mauricio Batalla Veterinarios es la \u00fanica cl\u00ednica veterinaria de Catalunya i de la pen\u00ednsula ib\u00e9rica completamente especializada en Cirug\u00eda de M\u00ednima Invasi\u00f3n. Adem\u00e1s, contamos con un equipo de [&hellip;]<\/p>\n","protected":false},"author":1,"featured_media":0,"parent":0,"menu_order":0,"comment_status":"closed","ping_status":"closed","template":"","meta":{"_et_pb_use_builder":"on","_et_pb_old_content":"","_et_gb_content_width":"","_monsterinsights_skip_tracking":false,"_monsterinsights_sitenote_active":false,"_monsterinsights_sitenote_note":"","_monsterinsights_sitenote_category":0,"footnotes":""},"class_list":["post-1093","page","type-page","status-publish","hentry"],"yoast_head":"<!-- This site is optimized with the Yoast SEO plugin v24.6 - https:\/\/yoast.com\/wordpress\/plugins\/seo\/ -->\n<title>Maurici Batalla - Maurici Batalla Veterinaris<\/title>\n<meta name=\"description\" content=\"Mauricio Batalla, veterinario pionero y experto en cirug\u00eda veterinaria de m\u00ednima invasi\u00f3n, con m\u00e1s de 15.000 intervenciones realizadas.\" \/>\n<meta name=\"robots\" content=\"index, follow, max-snippet:-1, max-image-preview:large, max-video-preview:-1\" \/>\n<link rel=\"canonical\" href=\"https:\/\/www.mauricibatallaveterinaris.cat\/es\/maurici-batalla\/\" \/>\n<meta property=\"og:locale\" content=\"es_ES\" \/>\n<meta property=\"og:type\" content=\"article\" \/>\n<meta property=\"og:title\" content=\"Maurici Batalla - Maurici Batalla Veterinaris\" \/>\n<meta property=\"og:description\" content=\"Mauricio Batalla, veterinario pionero y experto en cirug\u00eda veterinaria de m\u00ednima invasi\u00f3n, con m\u00e1s de 15.000 intervenciones realizadas.\" \/>\n<meta property=\"og:url\" content=\"https:\/\/www.mauricibatallaveterinaris.cat\/es\/maurici-batalla\/\" \/>\n<meta property=\"og:site_name\" content=\"Maurici Batalla Veterinaris\" \/>\n<meta property=\"article:publisher\" content=\"https:\/\/www.facebook.com\/endoscopiaveterinariamovil\/\" \/>\n<meta property=\"article:modified_time\" content=\"2025-12-15T13:15:38+00:00\" \/>\n<meta name=\"twitter:card\" content=\"summary_large_image\" \/>\n<meta name=\"twitter:label1\" content=\"Tiempo de lectura\" \/>\n\t<meta name=\"twitter:data1\" content=\"9 minutos\" \/>\n<script type=\"application\/ld+json\" class=\"yoast-schema-graph\">{\"@context\":\"https:\/\/schema.org\",\"@graph\":[{\"@type\":\"WebPage\",\"@id\":\"https:\/\/www.mauricibatallaveterinaris.cat\/es\/maurici-batalla\/\",\"url\":\"https:\/\/www.mauricibatallaveterinaris.cat\/es\/maurici-batalla\/\",\"name\":\"Maurici Batalla - Maurici Batalla Veterinaris\",\"isPartOf\":{\"@id\":\"https:\/\/www.mauricibatallaveterinaris.cat\/es\/#website\"},\"datePublished\":\"2024-08-28T12:01:08+00:00\",\"dateModified\":\"2025-12-15T13:15:38+00:00\",\"description\":\"Mauricio Batalla, veterinario pionero y experto en cirug\u00eda veterinaria de m\u00ednima invasi\u00f3n, con m\u00e1s de 15.000 intervenciones realizadas.\",\"breadcrumb\":{\"@id\":\"https:\/\/www.mauricibatallaveterinaris.cat\/es\/maurici-batalla\/#breadcrumb\"},\"inLanguage\":\"es\",\"potentialAction\":[{\"@type\":\"ReadAction\",\"target\":[\"https:\/\/www.mauricibatallaveterinaris.cat\/es\/maurici-batalla\/\"]}]},{\"@type\":\"BreadcrumbList\",\"@id\":\"https:\/\/www.mauricibatallaveterinaris.cat\/es\/maurici-batalla\/#breadcrumb\",\"itemListElement\":[{\"@type\":\"ListItem\",\"position\":1,\"name\":\"Inici\",\"item\":\"https:\/\/www.mauricibatallaveterinaris.cat\/es\/\"},{\"@type\":\"ListItem\",\"position\":2,\"name\":\"Maurici Batalla\"}]},{\"@type\":\"WebSite\",\"@id\":\"https:\/\/www.mauricibatallaveterinaris.cat\/es\/#website\",\"url\":\"https:\/\/www.mauricibatallaveterinaris.cat\/es\/\",\"name\":\"Maurici Batalla Veterinaris\",\"description\":\"Cirurgia animal de m&iacute;nima invasi&oacute;, Maurici Batalla Veterinaris\",\"publisher\":{\"@id\":\"https:\/\/www.mauricibatallaveterinaris.cat\/es\/#organization\"},\"potentialAction\":[{\"@type\":\"SearchAction\",\"target\":{\"@type\":\"EntryPoint\",\"urlTemplate\":\"https:\/\/www.mauricibatallaveterinaris.cat\/es\/?s={search_term_string}\"},\"query-input\":{\"@type\":\"PropertyValueSpecification\",\"valueRequired\":true,\"valueName\":\"search_term_string\"}}],\"inLanguage\":\"es\"},{\"@type\":\"Organization\",\"@id\":\"https:\/\/www.mauricibatallaveterinaris.cat\/es\/#organization\",\"name\":\"Maurici Batalla Veterinaris\",\"url\":\"https:\/\/www.mauricibatallaveterinaris.cat\/es\/\",\"logo\":{\"@type\":\"ImageObject\",\"inLanguage\":\"es\",\"@id\":\"https:\/\/www.mauricibatallaveterinaris.cat\/es\/#\/schema\/logo\/image\/\",\"url\":\"https:\/\/www.mauricibatallaveterinaris.cat\/wp-content\/uploads\/2024\/09\/cropped-Maurici-Batalla-Veterinaris-logo-512-2.png\",\"contentUrl\":\"https:\/\/www.mauricibatallaveterinaris.cat\/wp-content\/uploads\/2024\/09\/cropped-Maurici-Batalla-Veterinaris-logo-512-2.png\",\"width\":512,\"height\":512,\"caption\":\"Maurici Batalla Veterinaris\"},\"image\":{\"@id\":\"https:\/\/www.mauricibatallaveterinaris.cat\/es\/#\/schema\/logo\/image\/\"},\"sameAs\":[\"https:\/\/www.facebook.com\/endoscopiaveterinariamovil\/\",\"https:\/\/www.instagram.com\/mauricibatallaveterinaris\/\",\"https:\/\/es.linkedin.com\/in\/maurici-batalla-0a833013b\",\"https:\/\/www.youtube.com\/channel\/UC0SQPrFP1-m_rFyG0_XuvMA\"]}]}<\/script>\n<!-- \/ Yoast SEO plugin. -->","yoast_head_json":{"title":"Maurici Batalla - Maurici Batalla Veterinaris","description":"Mauricio Batalla, veterinario pionero y experto en cirug\u00eda veterinaria de m\u00ednima invasi\u00f3n, con m\u00e1s de 15.000 intervenciones realizadas.","robots":{"index":"index","follow":"follow","max-snippet":"max-snippet:-1","max-image-preview":"max-image-preview:large","max-video-preview":"max-video-preview:-1"},"canonical":"https:\/\/www.mauricibatallaveterinaris.cat\/es\/maurici-batalla\/","og_locale":"es_ES","og_type":"article","og_title":"Maurici Batalla - Maurici Batalla Veterinaris","og_description":"Mauricio Batalla, veterinario pionero y experto en cirug\u00eda veterinaria de m\u00ednima invasi\u00f3n, con m\u00e1s de 15.000 intervenciones realizadas.","og_url":"https:\/\/www.mauricibatallaveterinaris.cat\/es\/maurici-batalla\/","og_site_name":"Maurici Batalla Veterinaris","article_publisher":"https:\/\/www.facebook.com\/endoscopiaveterinariamovil\/","article_modified_time":"2025-12-15T13:15:38+00:00","twitter_card":"summary_large_image","twitter_misc":{"Tiempo de lectura":"9 minutos"},"schema":{"@context":"https:\/\/schema.org","@graph":[{"@type":"WebPage","@id":"https:\/\/www.mauricibatallaveterinaris.cat\/es\/maurici-batalla\/","url":"https:\/\/www.mauricibatallaveterinaris.cat\/es\/maurici-batalla\/","name":"Maurici Batalla - Maurici Batalla Veterinaris","isPartOf":{"@id":"https:\/\/www.mauricibatallaveterinaris.cat\/es\/#website"},"datePublished":"2024-08-28T12:01:08+00:00","dateModified":"2025-12-15T13:15:38+00:00","description":"Mauricio Batalla, veterinario pionero y experto en cirug\u00eda veterinaria de m\u00ednima invasi\u00f3n, con m\u00e1s de 15.000 intervenciones realizadas.","breadcrumb":{"@id":"https:\/\/www.mauricibatallaveterinaris.cat\/es\/maurici-batalla\/#breadcrumb"},"inLanguage":"es","potentialAction":[{"@type":"ReadAction","target":["https:\/\/www.mauricibatallaveterinaris.cat\/es\/maurici-batalla\/"]}]},{"@type":"BreadcrumbList","@id":"https:\/\/www.mauricibatallaveterinaris.cat\/es\/maurici-batalla\/#breadcrumb","itemListElement":[{"@type":"ListItem","position":1,"name":"Inici","item":"https:\/\/www.mauricibatallaveterinaris.cat\/es\/"},{"@type":"ListItem","position":2,"name":"Maurici Batalla"}]},{"@type":"WebSite","@id":"https:\/\/www.mauricibatallaveterinaris.cat\/es\/#website","url":"https:\/\/www.mauricibatallaveterinaris.cat\/es\/","name":"Maurici Batalla Veterinaris","description":"Cirurgia animal de m&iacute;nima invasi&oacute;, Maurici Batalla Veterinaris","publisher":{"@id":"https:\/\/www.mauricibatallaveterinaris.cat\/es\/#organization"},"potentialAction":[{"@type":"SearchAction","target":{"@type":"EntryPoint","urlTemplate":"https:\/\/www.mauricibatallaveterinaris.cat\/es\/?s={search_term_string}"},"query-input":{"@type":"PropertyValueSpecification","valueRequired":true,"valueName":"search_term_string"}}],"inLanguage":"es"},{"@type":"Organization","@id":"https:\/\/www.mauricibatallaveterinaris.cat\/es\/#organization","name":"Maurici Batalla Veterinaris","url":"https:\/\/www.mauricibatallaveterinaris.cat\/es\/","logo":{"@type":"ImageObject","inLanguage":"es","@id":"https:\/\/www.mauricibatallaveterinaris.cat\/es\/#\/schema\/logo\/image\/","url":"https:\/\/www.mauricibatallaveterinaris.cat\/wp-content\/uploads\/2024\/09\/cropped-Maurici-Batalla-Veterinaris-logo-512-2.png","contentUrl":"https:\/\/www.mauricibatallaveterinaris.cat\/wp-content\/uploads\/2024\/09\/cropped-Maurici-Batalla-Veterinaris-logo-512-2.png","width":512,"height":512,"caption":"Maurici Batalla Veterinaris"},"image":{"@id":"https:\/\/www.mauricibatallaveterinaris.cat\/es\/#\/schema\/logo\/image\/"},"sameAs":["https:\/\/www.facebook.com\/endoscopiaveterinariamovil\/","https:\/\/www.instagram.com\/mauricibatallaveterinaris\/","https:\/\/es.linkedin.com\/in\/maurici-batalla-0a833013b","https:\/\/www.youtube.com\/channel\/UC0SQPrFP1-m_rFyG0_XuvMA"]}]}},"_links":{"self":[{"href":"https:\/\/www.mauricibatallaveterinaris.cat\/es\/wp-json\/wp\/v2\/pages\/1093","targetHints":{"allow":["GET"]}}],"collection":[{"href":"https:\/\/www.mauricibatallaveterinaris.cat\/es\/wp-json\/wp\/v2\/pages"}],"about":[{"href":"https:\/\/www.mauricibatallaveterinaris.cat\/es\/wp-json\/wp\/v2\/types\/page"}],"author":[{"embeddable":true,"href":"https:\/\/www.mauricibatallaveterinaris.cat\/es\/wp-json\/wp\/v2\/users\/1"}],"replies":[{"embeddable":true,"href":"https:\/\/www.mauricibatallaveterinaris.cat\/es\/wp-json\/wp\/v2\/comments?post=1093"}],"version-history":[{"count":5,"href":"https:\/\/www.mauricibatallaveterinaris.cat\/es\/wp-json\/wp\/v2\/pages\/1093\/revisions"}],"predecessor-version":[{"id":1290,"href":"https:\/\/www.mauricibatallaveterinaris.cat\/es\/wp-json\/wp\/v2\/pages\/1093\/revisions\/1290"}],"wp:attachment":[{"href":"https:\/\/www.mauricibatallaveterinaris.cat\/es\/wp-json\/wp\/v2\/media?parent=1093"}],"curies":[{"name":"wp","href":"https:\/\/api.w.org\/{rel}","templated":true}]}}